{"id":1185,"date":"2023-10-24T08:41:17","date_gmt":"2023-10-24T08:41:17","guid":{"rendered":"http:\/\/localhost\/primariapatrauti\/?page_id=1185"},"modified":"2023-10-24T10:21:41","modified_gmt":"2023-10-24T10:21:41","slug":"monumentul-eroilor","status":"publish","type":"page","link":"https:\/\/site.vechi.primariapatrautisv.ro\/?page_id=1185","title":{"rendered":"Monumentul Eroilor"},"content":{"rendered":"\t\t<div data-elementor-type=\"wp-page\" data-elementor-id=\"1185\" class=\"elementor elementor-1185\">\n\t\t\t\t<div class=\"elementor-element elementor-element-fc23c7c e-flex e-con-boxed e-con e-parent\" data-id=\"fc23c7c\" data-element_type=\"container\">\n\t\t\t\t\t<div class=\"e-con-inner\">\n\t\t\t\t<div class=\"elementor-element elementor-element-64ef998 elementor-widget elementor-widget-heading\" data-id=\"64ef998\" data-element_type=\"widget\" data-widget_type=\"heading.default\">\n\t\t\t\t<div class=\"elementor-widget-container\">\n\t\t\t\t\t<h4 class=\"elementor-heading-title elementor-size-default\">Scurt istoric<\/h4>\t\t\t\t<\/div>\n\t\t\t\t<\/div>\n\t\t\t\t<div class=\"elementor-element elementor-element-b0f4264 elementor-widget-divider--view-line elementor-widget elementor-widget-divider\" data-id=\"b0f4264\" data-element_type=\"widget\" data-widget_type=\"divider.default\">\n\t\t\t\t<div class=\"elementor-widget-container\">\n\t\t\t\t\t\t\t<div class=\"elementor-divider\">\n\t\t\t<span class=\"elementor-divider-separator\">\n\t\t\t\t\t\t<\/span>\n\t\t<\/div>\n\t\t\t\t\t\t<\/div>\n\t\t\t\t<\/div>\n\t\t\t\t<div class=\"elementor-element elementor-element-07d198e elementor-widget elementor-widget-text-editor\" data-id=\"07d198e\" data-element_type=\"widget\" data-widget_type=\"text-editor.default\">\n\t\t\t\t<div class=\"elementor-widget-container\">\n\t\t\t\t\t\t\t\t\t<div><div>In ultimii cinci ani am \u00eentreprins c\u00e2teva expedi\u0163ii dificile \u00een c\u0103utarea urmelor osta\u015filor rom\u00e2ni din cel de al Doilea R\u0103zboi Mondial, la Odesa, \u00een Crimeea \u015fi Caucazul de Nord, la Harkov, Cotul Donului, Stalingrad \u015fi Stepa Calmuc\u0103, devenind adev\u0103rate pelerinaje pline de descoperiri nea\u015fteptate \u015fi de dezv\u0103luiri ale unor adev\u0103ruri mult prea dure. \u00cen rezultatul acestor expedi\u0163ii am reu\u015fit tip\u0103resc o carte \u00een dou\u0103 edi\u0163ii : Cotul Donului 1942. Eroism, jertf\u0103, tr\u0103dare. Dar speran\u0163a cea mare consta \u00een posibilitatea de a aprinde o lum\u00e2nare \u00een locurile gravelor b\u0103t\u0103lii, pe teritoriile unor posibile Memoriale sau Cimitire de onoare sau, pur \u015fi simplu, l\u00e2ng\u0103 ni\u015fte simple cruci din dou\u0103 sc\u00e2nduri, \u00een memoria zecilor de mii de osta\u015fi rom\u00e2ni trimi\u015fi la moarte aproape sigur\u0103 \u015fi c\u0103zu\u0163i acolo la datorie. O cugetare militar\u0103 spune c\u0103 \u201er\u0103zboiul se termin\u0103 atunci c\u00e2nd este \u00eenmorm\u00e2ntat ultimul soldat\u201d. Dac\u0103 ar fi s\u0103 lu\u0103m \u00een serios aceast\u0103 cugetare, atunci, Rom\u00e2nia se mai afl\u0103 \u00een plin r\u0103zboi mondial chiar dac\u0103 \u00een 2015 lumea va aniversa 70 de ani de la terminarea lui.Vom reu\u015fi, noi, rom\u00e2nii, s\u0103 ar\u0103t\u0103m c\u0103 ne-am \u00eenmorm\u00e2ntat to\u0163i osta\u015fii \u015fi, astfel s\u0103 ie\u015fim din acel r\u0103zboi p\u00e2n\u0103 la pomenita aniversare?\u2026Este o datorie sf\u00e2nt\u0103, o onoare \u015fi o cinste s\u0103 ne comemor\u0103m, s\u0103 ne cinstim \u015fi s\u0103 respect\u0103m eroii \u015fi martirii neamului nostru, s\u0103 cerem lui Dumnezeu ca jertfa lor s\u0103 aib\u0103 un ecou \u00een con\u015ftiin\u0163ele urma\u015filor lor.<\/div><\/div>\t\t\t\t\t\t\t\t<\/div>\n\t\t\t\t<\/div>\n\t\t\t\t\t<\/div>\n\t\t\t\t<\/div>\n\t\t<div class=\"elementor-element elementor-element-da10ed4 e-flex e-con-boxed e-con e-parent\" data-id=\"da10ed4\" data-element_type=\"container\">\n\t\t\t\t\t<div class=\"e-con-inner\">\n\t\t\t\t<div class=\"elementor-element elementor-element-202b2b0 elementor-widget elementor-widget-heading\" data-id=\"202b2b0\" data-element_type=\"widget\" data-widget_type=\"heading.default\">\n\t\t\t\t<div class=\"elementor-widget-container\">\n\t\t\t\t\t<h4 class=\"elementor-heading-title elementor-size-default\">Imnul \u00eenchinat eroilor nostri<\/h4>\t\t\t\t<\/div>\n\t\t\t\t<\/div>\n\t\t\t\t<div class=\"elementor-element elementor-element-e88eb0d elementor-widget-divider--view-line elementor-widget elementor-widget-divider\" data-id=\"e88eb0d\" data-element_type=\"widget\" data-widget_type=\"divider.default\">\n\t\t\t\t<div class=\"elementor-widget-container\">\n\t\t\t\t\t\t\t<div class=\"elementor-divider\">\n\t\t\t<span class=\"elementor-divider-separator\">\n\t\t\t\t\t\t<\/span>\n\t\t<\/div>\n\t\t\t\t\t\t<\/div>\n\t\t\t\t<\/div>\n\t\t\t\t\t<\/div>\n\t\t\t\t<\/div>\n\t\t<div class=\"elementor-element elementor-element-fe541ce e-flex e-con-boxed e-con e-parent\" data-id=\"fe541ce\" data-element_type=\"container\">\n\t\t\t\t\t<div class=\"e-con-inner\">\n\t\t<div class=\"elementor-element elementor-element-85358bd e-con-full e-flex e-con e-child\" data-id=\"85358bd\" data-element_type=\"container\">\n\t\t\t\t<div class=\"elementor-element elementor-element-f4007fe elementor-widget elementor-widget-text-editor\" data-id=\"f4007fe\" data-element_type=\"widget\" data-widget_type=\"text-editor.default\">\n\t\t\t\t<div class=\"elementor-widget-container\">\n\t\t\t\t\t\t\t\t\t\n<div>In sunete de fanfara, in mars inaripat,<\/div>\n\n<div>Cu cantecul pe buze, Ei au plecat din sat.<\/div>\n<div>Au devenit eroi pentru Hotar si Glie<\/div>\n<div>In loc sa moara acasa, traiesc in vesnicie.<\/div><br>\n<div>Sunteti in sfere inalte, aproape de Cel Sfant<\/div>\n<div>Caci ati platit cu viata al Patriei Pamant.<\/div>\n<div> Intru memoria voastra, ai Neamului Eroi,<\/div>\n<div> Ingaduit sa fie un gest facut de noi:<\/div>\n<br>\n<div>Un monument simbolic, o cruce crestineasca;<\/div>\n<div>In dreptul ei, sateanul, de voi, sa-si aminteasca,<\/div>\n<div>Descoperindu-si capul, sa uite de nevoi,<\/div>\n<div>Falindu-se, cu faptul c-avem si noi eroi.<\/div>\n\t\t\t\t\t\t\t\t<\/div>\n\t\t\t\t<\/div>\n\t\t\t\t<\/div>\n\t\t<div class=\"elementor-element elementor-element-f637b31 e-con-full e-flex e-con e-child\" data-id=\"f637b31\" data-element_type=\"container\">\n\t\t\t\t<div class=\"elementor-element elementor-element-2a1b770 elementor-widget elementor-widget-image\" data-id=\"2a1b770\" data-element_type=\"widget\" data-widget_type=\"image.default\">\n\t\t\t\t<div class=\"elementor-widget-container\">\n\t\t\t\t\t\t\t\t\t\t\t\t\t\t\t<img fetchpriority=\"high\" decoding=\"async\" width=\"300\" height=\"300\" src=\"https:\/\/site.vechi.primariapatrautisv.ro\/wp-content\/uploads\/2023\/10\/monumentul_eroilor.jpg\" class=\"attachment-medium size-medium wp-image-1187\" alt=\"\" \/>\t\t\t\t\t\t\t\t\t\t\t\t\t\t\t<\/div>\n\t\t\t\t<\/div>\n\t\t\t\t<\/div>\n\t\t\t\t\t<\/div>\n\t\t\t\t<\/div>\n\t\t<div class=\"elementor-element elementor-element-97f8c7c e-flex e-con-boxed e-con e-parent\" data-id=\"97f8c7c\" data-element_type=\"container\">\n\t\t\t\t\t<div class=\"e-con-inner\">\n\t\t\t\t<div class=\"elementor-element elementor-element-40c40de elementor-widget elementor-widget-heading\" data-id=\"40c40de\" data-element_type=\"widget\" data-widget_type=\"heading.default\">\n\t\t\t\t<div class=\"elementor-widget-container\">\n\t\t\t\t\t<h4 class=\"elementor-heading-title elementor-size-default\">Eroi no\u0219tri<\/h4>\t\t\t\t<\/div>\n\t\t\t\t<\/div>\n\t\t\t\t<div class=\"elementor-element elementor-element-27b82f9 elementor-widget-divider--view-line elementor-widget elementor-widget-divider\" data-id=\"27b82f9\" data-element_type=\"widget\" data-widget_type=\"divider.default\">\n\t\t\t\t<div class=\"elementor-widget-container\">\n\t\t\t\t\t\t\t<div class=\"elementor-divider\">\n\t\t\t<span class=\"elementor-divider-separator\">\n\t\t\t\t\t\t<\/span>\n\t\t<\/div>\n\t\t\t\t\t\t<\/div>\n\t\t\t\t<\/div>\n\t\t\t\t\t<\/div>\n\t\t\t\t<\/div>\n\t\t<div class=\"elementor-element elementor-element-2a9343e e-flex e-con-boxed e-con e-parent\" data-id=\"2a9343e\" data-element_type=\"container\">\n\t\t\t\t\t<div class=\"e-con-inner\">\n\t\t\t\t<div class=\"elementor-element elementor-element-4e1dc94 elementor-widget elementor-widget-html\" data-id=\"4e1dc94\" data-element_type=\"widget\" data-widget_type=\"html.default\">\n\t\t\t\t<div class=\"elementor-widget-container\">\n\t\t\t\t\t<table widh=\" 100%\">\r\n                <tbody>\r\n                    <tr>\r\n                        <td>Cervenciuc Gheorghe<\/td>\r\n                        <td>Holca Leon Clement<\/td>\r\n                        <td>Leuciuc Constantin<\/td>\r\n                        <td>Panzar Stefan<\/td>\r\n                    <\/tr>\r\n                    <tr>\r\n                        <td>Buceschi Aurel<\/td>\r\n                        <td>Cervinschi Gheorghe<\/td>\r\n                        <td>Hatnean Vasile<\/td>\r\n                        <td>Lutac Leun<\/td>\r\n                    <\/tr>\r\n                    <tr>\r\n                        <td>Prepeliuc Aurel<\/td>\r\n                        <td>Baltinas Arcadie<\/td>\r\n                        <td>Croitoru Nicolai<\/td>\r\n                        <td>Hatnean Ion<\/td>\r\n                    <\/tr>\r\n                    <tr>\r\n                        <td>Lutac Stefan<\/td>\r\n                        <td>Pascari Ion<\/td>\r\n                        <td>Baltinas Mihai<\/td>\r\n                        <td>Croitoru Vasile<\/td>\r\n                    <\/tr>\r\n                    <tr>\r\n                        <td>Hatnean Constantin<\/td>\r\n                        <td>Lungu Constantin<\/td>\r\n                        <td>Panzar Ion<\/td>\r\n                        <td>Buta Ion<\/td>\r\n                    <\/tr>\r\n                    <tr>\r\n                        <td>Diaconescu Ion<\/td>\r\n                        <td>Hatnean Ioan<\/td>\r\n                        <td>Leuciuc Emilian<\/td>\r\n                        <td>Procopciuc Nicolae<\/td>\r\n                    <\/tr>\r\n                    <tr>\r\n                        <td>Burduja Dumitru<\/td>\r\n                        <td>Dobre Gheorghe<\/td>\r\n                        <td>Hladiuc Ion<\/td>\r\n                        <td>Motriuc Ilie<\/td>\r\n                    <\/tr>\r\n                    <tr>\r\n                        <td>Panzar Stefan<\/td>\r\n                        <td>Buzuleac Gheorghe<\/td>\r\n                        <td>Greciuc Ilie<\/td>\r\n                        <td>Hostiuc Gheorghe<\/td>\r\n                    <\/tr>\r\n                    <tr>\r\n                        <td>Manciuc Victor<\/td>\r\n                        <td>Rascol Ilie<\/td>\r\n                        <td>Buzuleac Ion<\/td>\r\n                        <td>Greciuc Ioan<\/td>\r\n                    <\/tr>\r\n                    <tr>\r\n                        <td>Holca Teodor<\/td>\r\n                        <td>Nosec Nitu<\/td>\r\n                        <td>Rusti Teodor<\/td>\r\n                        <td>Bleanca Vasile<\/td>\r\n                    <\/tr>\r\n                    <tr>\r\n                        <td>Gorgan Nita<\/td>\r\n                        <td>Isepciuc Ion<\/td>\r\n                        <td>Nosec Gheorghe<\/td>\r\n                        <td>Rauliuc Ioan<\/td>\r\n                    <\/tr>\r\n                    <tr>\r\n                        <td>Cervinschi Beniamin<\/td>\r\n                        <td>Greciuc Ion<\/td>\r\n                        <td>Iriciuc Gheorghe<\/td>\r\n                        <td>Nosec Gheorghe<\/td>\r\n                    <\/tr>\r\n                    <tr>\r\n                        <td>Rauliuc Teodor<\/td>\r\n                        <td>Romas Nicanor<\/td>\r\n                        <td>Solonar Stefan<\/td>\r\n                        <td>Buceschi Gheorghe<\/td>\r\n                    <\/tr>\r\n                    <tr>\r\n                        <td>Cehoi Nicolai<\/td>\r\n                        <td>Greciuc Vasile<\/td>\r\n                        <td>Jureschi Nicolai<\/td>\r\n                        <td>Nedelcu Gheorghe<\/td>\r\n                    <\/tr>\r\n                    <tr>\r\n                        <td>Cervinschi Toader<\/td>\r\n                        <td>Holca Gheorghe<\/td>\r\n                        <td>Jureschi Aurel<\/td>\r\n                        <td>Petruc Vasile<\/td>\r\n                    <\/tr>\r\n                    <tr>\r\n                        <td>Cimpoies Petru<\/td>\r\n                        <td>Holca Nicanor<\/td>\r\n                        <td>Jureschi Nicolai<\/td>\r\n                        <td>Puiu Ion<\/td>\r\n                    <\/tr>\r\n                    <tr>\r\n                        <td>Stanescu Leon<\/td>\r\n                        <td>Chindrus Vasile<\/td>\r\n                        <td>Holca Vasile<\/td>\r\n                        <td>Jureschi Toader<\/td>\r\n                    <\/tr>\r\n                    <tr>\r\n                        <td>Puiu Nicolae<\/td>\r\n                        <td>Stanescu Gheorghe<\/td>\r\n                        <td>Sauciuc Vasile<\/td>\r\n                        <td>Truscan Ion<\/td>\r\n                    <\/tr>\r\n                    <tr>\r\n                        <td>Turturean Leon<\/td>\r\n                        <td>Turturean Vasile<\/td>\r\n                        <td>Ujeniuc Ion<\/td>\r\n                        <td>Uriciuc Vasile<\/td>\r\n                    <\/tr>\r\n                    <tr>\r\n                        <td>Uriciuc Gheorghe<\/td>\r\n                        <td>Uratu Gherasim<\/td>\r\n                        <td>Vasiliniuc Iustin<\/td>\r\n                        <td>Vasiliniuc Vasile<\/td>\r\n                    <\/tr>\r\n                    <tr>\r\n                        <td>Varasciuc Vasile<\/td>\r\n                        <td colspan=\"3\"><\/td>\r\n                    <\/tr>\r\n                <\/tbody>\r\n            <\/table>\t\t\t\t<\/div>\n\t\t\t\t<\/div>\n\t\t\t\t\t<\/div>\n\t\t\t\t<\/div>\n\t\t<div class=\"elementor-element elementor-element-917aa3e e-flex e-con-boxed e-con e-parent\" data-id=\"917aa3e\" data-element_type=\"container\">\n\t\t\t\t\t<div class=\"e-con-inner\">\n\t\t\t\t\t<\/div>\n\t\t\t\t<\/div>\n\t\t\t\t<\/div>\n\t\t","protected":false},"excerpt":{"rendered":"<p>Scurt istoric In ultimii cinci ani am \u00eentreprins c\u00e2teva expedi\u0163ii dificile \u00een c\u0103utarea urmelor osta\u015filor rom\u00e2ni din cel de al Doilea R\u0103zboi Mondial, la Odesa, \u00een Crimeea \u015fi Caucazul de Nord, la Harkov, Cotul Donului, Stalingrad \u015fi Stepa Calmuc\u0103, devenind adev\u0103rate pelerinaje pline de descoperiri nea\u015fteptate \u015fi de dezv\u0103luiri ale unor adev\u0103ruri mult prea dure. &hellip;<\/p>\n<p class=\"read-more\"> <a class=\"\" href=\"https:\/\/site.vechi.primariapatrautisv.ro\/?page_id=1185\"> <span class=\"screen-reader-text\">Monumentul Eroilor<\/span> Read More &raquo;<\/a><\/p>\n","protected":false},"author":1,"featured_media":0,"parent":0,"menu_order":0,"comment_status":"closed","ping_status":"closed","template":"","meta":{"site-sidebar-layout":"no-sidebar","site-content-layout":"page-builder","ast-site-content-layout":"full-width-container","site-content-style":"default","site-sidebar-style":"default","ast-global-header-display":"","ast-banner-title-visibility":"","ast-main-header-display":"","ast-hfb-above-header-display":"","ast-hfb-below-header-display":"","ast-hfb-mobile-header-display":"","site-post-title":"disabled","ast-breadcrumbs-content":"","ast-featured-img":"disabled","footer-sml-layout":"","theme-transparent-header-meta":"","adv-header-id-meta":"","stick-header-meta":"","header-above-stick-meta":"","header-main-stick-meta":"","header-below-stick-meta":"","astra-migrate-meta-layouts":"set","footnotes":""},"class_list":["post-1185","page","type-page","status-publish","hentry"],"_links":{"self":[{"href":"https:\/\/site.vechi.primariapatrautisv.ro\/index.php?rest_route=\/wp\/v2\/pages\/1185","targetHints":{"allow":["GET"]}}],"collection":[{"href":"https:\/\/site.vechi.primariapatrautisv.ro\/index.php?rest_route=\/wp\/v2\/pages"}],"about":[{"href":"https:\/\/site.vechi.primariapatrautisv.ro\/index.php?rest_route=\/wp\/v2\/types\/page"}],"author":[{"embeddable":true,"href":"https:\/\/site.vechi.primariapatrautisv.ro\/index.php?rest_route=\/wp\/v2\/users\/1"}],"replies":[{"embeddable":true,"href":"https:\/\/site.vechi.primariapatrautisv.ro\/index.php?rest_route=%2Fwp%2Fv2%2Fcomments&post=1185"}],"version-history":[{"count":20,"href":"https:\/\/site.vechi.primariapatrautisv.ro\/index.php?rest_route=\/wp\/v2\/pages\/1185\/revisions"}],"predecessor-version":[{"id":1961,"href":"https:\/\/site.vechi.primariapatrautisv.ro\/index.php?rest_route=\/wp\/v2\/pages\/1185\/revisions\/1961"}],"wp:attachment":[{"href":"https:\/\/site.vechi.primariapatrautisv.ro\/index.php?rest_route=%2Fwp%2Fv2%2Fmedia&parent=1185"}],"curies":[{"name":"wp","href":"https:\/\/api.w.org\/{rel}","templated":true}]}}